{"id":16910,"date":"2017-10-02T10:00:48","date_gmt":"2017-10-05T07:50:48","guid":{"rendered":"https:\/\/gifted-nightingale.82-223-11-116.plesk.page\/?post_type=product&#038;p=16910"},"modified":"2025-04-23T13:46:44","modified_gmt":"2025-04-23T11:46:44","slug":"sillon-eros-blanc-textilene","status":"publish","type":"product","link":"https:\/\/reyma-mobiliario.com\/fr\/productos\/sillon-eros-blanc-textilene\/","title":{"rendered":"Fauteuil Eros Blanc Textilene"},"content":{"rendered":"<p>Le fauteuil eros est l&rsquo;un des plus polyvalents de Reyma Mobiliario. Chaise parfaite pour tout environnement ext\u00e9rieur ou int\u00e9rieur. Sa grande vari\u00e9t\u00e9 de param\u00e8tres lui permet, avec la m\u00eame structure, de donner une touche plus d\u00e9contract\u00e9e ou \u00e9l\u00e9gante en fonction de l&rsquo;environnement que nous voulons cr\u00e9er.<\/p>\n","protected":false},"excerpt":{"rendered":"<p><strong> Poids: <\/strong><br \/>\nTextil\u00e8ne avec bras en aluminium: 4,15 kg<\/p>\n<p><strong> Mat\u00e9riaux <\/strong>:<br \/>\nStructure en aluminium peint blanc<\/p>\n<p>Assise et dossier:<br \/>\nbleu ou rouge textilene.<\/p>\n<p><strong> Dimensions <\/strong>:<\/p>\n<p><img loading=\"lazy\" decoding=\"async\" class=\"alignnone size-full wp-image-11924\" src=\"https:\/\/reyma-mobiliario.com\/wp-content\/uploads\/2025\/04\/2025-eros-sillon.jpg\" alt=\"Dimensions fauteuil Eros REYMA\" width=\"120\" height=\"120\" \/><\/p>\n","protected":false},"featured_media":14161,"template":"","meta":[],"product_brand":[],"product_cat":[1106,1112],"product_tag":[1144,1362,1168,1172,1234,1358],"class_list":{"0":"post-16910","1":"product","2":"type-product","3":"status-publish","4":"has-post-thumbnail","6":"product_cat-exterieur","7":"product_cat-fauteuils-dexterieur","8":"product_tag-aluminium","9":"product_tag-fauteuil","10":"product_tag-mobilier-dexterieur","11":"product_tag-nouvelles-2017","12":"product_tag-serie-eros-fr","13":"product_tag-textilene-fr","15":"first","16":"instock","17":"shipping-taxable","18":"purchasable","19":"product-type-variable"},"aioseo_notices":[],"_links":{"self":[{"href":"https:\/\/reyma-mobiliario.com\/fr\/wp-json\/wp\/v2\/product\/16910","targetHints":{"allow":["GET"]}}],"collection":[{"href":"https:\/\/reyma-mobiliario.com\/fr\/wp-json\/wp\/v2\/product"}],"about":[{"href":"https:\/\/reyma-mobiliario.com\/fr\/wp-json\/wp\/v2\/types\/product"}],"wp:featuredmedia":[{"embeddable":true,"href":"https:\/\/reyma-mobiliario.com\/fr\/wp-json\/wp\/v2\/media\/14161"}],"wp:attachment":[{"href":"https:\/\/reyma-mobiliario.com\/fr\/wp-json\/wp\/v2\/media?parent=16910"}],"wp:term":[{"taxonomy":"product_brand","embeddable":true,"href":"https:\/\/reyma-mobiliario.com\/fr\/wp-json\/wp\/v2\/product_brand?post=16910"},{"taxonomy":"product_cat","embeddable":true,"href":"https:\/\/reyma-mobiliario.com\/fr\/wp-json\/wp\/v2\/product_cat?post=16910"},{"taxonomy":"product_tag","embeddable":true,"href":"https:\/\/reyma-mobiliario.com\/fr\/wp-json\/wp\/v2\/product_tag?post=16910"}],"curies":[{"name":"wp","href":"https:\/\/api.w.org\/{rel}","templated":true}]}}